{"id":525,"date":"2023-05-03T18:07:00","date_gmt":"2023-05-03T16:07:00","guid":{"rendered":"https:\/\/knihovna.praha19.cz\/?page_id=525"},"modified":"2023-08-30T13:36:44","modified_gmt":"2023-08-30T11:36:44","slug":"z-historie-knihovny","status":"publish","type":"page","link":"https:\/\/knihovna.praha19.cz\/?page_id=525","title":{"rendered":"Z historie knihovny"},"content":{"rendered":"\n<p><\/p>\n\n\n\n<p class=\"has-black-color has-text-color has-medium-font-size\">Po\u010d\u00e1tky knihoven lze vysledovat u\u017e ve starov\u011bku. Za prvn\u00ed knihovny lze pova\u017eovat arch\u00edvy, \u00falo\u017ei\u0161t\u011b tehdej\u0161\u00edch p\u00edsemnost\u00ed. Nejstar\u0161\u00ed n\u00e1lezy jsou z oblast\u00ed chr\u00e1m\u016f ve star\u00e9m Sumeru, kde byly ulo\u017eeny hlin\u011bn\u00e9 desti\u010dky s kl\u00ednov\u00fdm p\u00edsmem. Mezi nejzn\u00e1m\u011bj\u0161\u00ed starov\u011bk\u00e9 knihovny pat\u0159\u00ed knihovna v Alexandrii, zalo\u017een\u00e1 na sklonku antiky ve 4. stolet\u00ed. Ve st\u0159edov\u011bku knihovnickou funkci nejd\u0159\u00edve p\u0159evzaly k\u0159es\u0165ansk\u00e9 kl\u00e1\u0161tery.<\/p>\n\n\n\n<p class=\"has-black-color has-text-color has-medium-font-size\"><strong>\u010cesk\u00e9 zem\u011b<\/strong><br>Prvn\u00ed kl\u00e1\u0161tern\u00ed knihovna na \u00fazem\u00ed \u010desk\u00fdch zem\u00ed vznikla v b\u0159evnovsk\u00e9m kl\u00e1\u0161te\u0159e na konci 10. stolet\u00ed, od 12. stolet\u00ed existovala proslul\u00e1 Knihovna Metropolitn\u00ed kapituly pra\u017esk\u00e9. V obdob\u00ed vrcholn\u00e9ho st\u0159edov\u011bku vznikala v kl\u00e1\u0161terech skriptoria, p\u00edsa\u0159sk\u00e9 d\u00edlny slou\u017e\u00edc\u00ed k rozmno\u017eov\u00e1n\u00ed liter\u00e1rn\u00edch d\u011bl.<\/p>\n\n\n\n<p class=\"has-black-color has-text-color has-medium-font-size\">V roce 1348 v souvislosti se vznikem Univerzity Karlovy byla zalo\u017eena t\u00e9\u017e prvn\u00ed sv\u011btsk\u00e1 knihovna v \u010desk\u00fdch zem\u00edch. Je pravd\u011bpodobn\u00e9, \u017ee svou knihovnu m\u011bly r\u016fzn\u00e9 univerzitn\u00ed koleje. Brzy je n\u00e1sledovaly knihovny m\u011bstsk\u00e9m a farn\u00ed, jako prvn\u00ed je dolo\u017een Libr\u00e1\u0159 obecn\u00ed, m\u011bstsk\u00e1 knihovna se s\u00eddlem na Starom\u011bstsk\u00e9 radnici v Praze. Knihy byly, zejm\u00e9na ve st\u0159edov\u011bku, v knihovn\u00e1ch \u0159azeny pomoc\u00ed pultovn\u00edho syst\u00e9mu, drahocenn\u00e9 knihy ve zvl\u00e1\u0161tn\u00edm reg\u00e1lu \u010di v\u00fdklenku p\u0159iv\u00e1zan\u00e9 \u0159et\u011bzem za d\u0159ev\u011bnou kni\u017en\u00ed desku k polici.<\/p>\n\n\n\n<p class=\"has-black-color has-text-color has-medium-font-size\">Po vyn\u00e1lezu knihtisku do\u0161lo na p\u0159elomu 15. a 16. stolet\u00ed k roz\u0161\u00ed\u0159en\u00ed priv\u00e1tn\u00edch sv\u011btsk\u00fdch knihoven, pat\u0159\u00edc\u00edch panovn\u00edkovi, \u0161lechtick\u00fdm \u010di m\u011b\u0161\u0165ansk\u00fdm rodin\u00e1m nebo jednotlivc\u016fm z \u0159ad humanist\u016f (nap\u0159. Bohuslav Hasi\u0161tejnsk\u00fd z Lobkovic a dal\u0161\u00ed).<\/p>\n\n\n\n<p class=\"has-black-color has-text-color has-medium-font-size\">V dob\u011b c\u00edrkevn\u00edch reforem c\u00edsa\u0159e Josefa II. na konci 18. stolet\u00ed nast\u00e1v\u00e1 obdob\u00ed ru\u0161en\u00ed v\u00fdznamn\u00e9ho mno\u017estv\u00ed kl\u00e1\u0161ter\u016f v\u010detn\u011b jejich knihoven, m\u00edsto toho vznikaj\u00ed knihovny ve\u0159ejn\u00e9, v obdob\u00ed n\u00e1rodn\u00edho obrozen\u00ed tak\u00e9 knihovny muzejn\u00ed (Knihovna N\u00e1rodn\u00edho muzea v Praze brzy po roce 1818) a \u010dten\u00e1\u0159sk\u00e9 spolky (nap\u0159. \u010cten\u00e1\u0159sko-p\u011bveck\u00fd spolek Rastislav v Blansku).<\/p>\n\n\n\n<h2 class=\"wp-block-heading has-black-color has-text-color has-large-font-size\">Kbelsk\u00e1 knihovna<\/h2>\n\n\n\n<p class=\"has-black-color has-text-color has-medium-font-size\"><strong>1919<\/strong><\/p>\n\n\n\n<p class=\"has-black-color has-text-color has-medium-font-size\">Po vyjit\u00ed Z\u00e1kona \u010d. &nbsp;430 &nbsp;Sb. o ve\u0159ejn\u00fdch knihovn\u00e1ch a na\u0159\u00edzen\u00ed z\u00e1kona z&nbsp;5. 11. 1919 ustavila obec Kbely Knihovn\u00ed radu, kter\u00e1 uspo\u0159\u00e1dala v&nbsp;r\u00e1mci obce sb\u00edrku knih a n\u00e1sledn\u011b i zafinancovala n\u00e1kup knih pro pot\u0159eby obecn\u00ed knihovny. (Do t\u00e9to doby byla v obci pouze knihovna T\u011blocvi\u010dn\u00e9 jednoty Sokol).<\/p>\n\n\n\n<p class=\"has-black-color has-text-color has-medium-font-size\"><strong>1920<\/strong><\/p>\n\n\n\n<p class=\"has-black-color has-text-color has-medium-font-size\">Knihovn\u00ed rada iniciovala finan\u010dn\u00ed sb\u00edrku, na jej\u00edm\u017e z\u00e1klad\u011b obecn\u00ed zastupitelstvo darovalo \u010d\u00e1stku 1.700,-K\u010d a finan\u010dn\u011b p\u0159isp\u011bly i dal\u0161\u00ed obecn\u00ed spolky. Pro pot\u0159eby knihovny byla vy\u010dlen\u011bna sborovna ve \u0161kole a n\u00e1slednou slavnost\u00ed, v&nbsp;budov\u011b tehdej\u0161\u00ed obecn\u00ed \u0161koly (dne\u0161n\u00ed budova Domova senior\u016f na Mladoboleslavsk\u00e9 ul.), byla dne <strong>26. 10. 1920<\/strong> obecn\u00ed knihovna slavnostn\u011b otev\u0159ena. Knihovna m\u011bla tehdy k p\u016fj\u010dov\u00e1n\u00ed celkem 204 knih.<\/p>\n\n\n\n<p class=\"has-black-color has-text-color has-medium-font-size\"><strong>1932<\/strong><\/p>\n\n\n\n<p class=\"has-black-color has-text-color has-medium-font-size\">V&nbsp;tomto roce m\u00e1 knihovna d\u00edky finan\u010dn\u00edm dar\u016fm ji\u017e 1&nbsp;318 knih.<\/p>\n\n\n\n<p class=\"has-black-color has-text-color has-medium-font-size\"><strong>1938<\/strong><\/p>\n\n\n\n<p class=\"has-black-color has-text-color has-medium-font-size\">Knihovna se p\u0159est\u011bhovala ze star\u00e9 obecn\u00ed \u0161koly do obecn\u00edho domku \u010dp. 43, na jeho\u017e m\u00edst\u011b dnes stoj\u00ed budova radnice M\u010c Praha 19 v Semilsk\u00e9 ul.<\/p>\n\n\n\n<p class=\"has-black-color has-text-color has-medium-font-size\"><strong>1939&nbsp;&nbsp;&nbsp;&nbsp;&nbsp;&nbsp;&nbsp;&nbsp;&nbsp;&nbsp;&nbsp;&nbsp;&nbsp;&nbsp;&nbsp;&nbsp;&nbsp;&nbsp;&nbsp;&nbsp;&nbsp;&nbsp;&nbsp;&nbsp;&nbsp;&nbsp;&nbsp;&nbsp;&nbsp;&nbsp;&nbsp;&nbsp;&nbsp;&nbsp;&nbsp;&nbsp;&nbsp;&nbsp;&nbsp;&nbsp;&nbsp;&nbsp;&nbsp;&nbsp;&nbsp;&nbsp;&nbsp;&nbsp;&nbsp;&nbsp;&nbsp;&nbsp;&nbsp;&nbsp;&nbsp;&nbsp;&nbsp;&nbsp;&nbsp;&nbsp;&nbsp;&nbsp;&nbsp;&nbsp;&nbsp;&nbsp;&nbsp;&nbsp;&nbsp;&nbsp;&nbsp;&nbsp;&nbsp;&nbsp;&nbsp;&nbsp;&nbsp;&nbsp;&nbsp;&nbsp;&nbsp;&nbsp;&nbsp;&nbsp;&nbsp;&nbsp;&nbsp;&nbsp;&nbsp;&nbsp;&nbsp;&nbsp;&nbsp;&nbsp;&nbsp;&nbsp;&nbsp;&nbsp;&nbsp;&nbsp;&nbsp;&nbsp;&nbsp;&nbsp;&nbsp;&nbsp;&nbsp;&nbsp;&nbsp;&nbsp;&nbsp;&nbsp;&nbsp;&nbsp;&nbsp;&nbsp;&nbsp;&nbsp;&nbsp;&nbsp;&nbsp;&nbsp;&nbsp;&nbsp;&nbsp;&nbsp;&nbsp;&nbsp;&nbsp;&nbsp;&nbsp;&nbsp;&nbsp;&nbsp;&nbsp;&nbsp;&nbsp;&nbsp;&nbsp;&nbsp;&nbsp;&nbsp;&nbsp;&nbsp;<\/strong><br>Byla rozpu\u0161t\u011bna \u010ceskoslovensk\u00e1 arm\u00e1da a knihovna z vojensk\u00e9ho leti\u0161t\u011b byla d\u00e1na do \u00faschovy obce.<\/p>\n\n\n\n<p class=\"has-black-color has-text-color has-medium-font-size\"><strong>1946-1948<\/strong><\/p>\n\n\n\n<p class=\"has-black-color has-text-color has-medium-font-size\">V&nbsp;t\u011bchto letech byla obecn\u00ed knihovna, z&nbsp;d\u016fvodu p\u0159estavby obecn\u00ed \u00fa\u0159adovny, p\u0159es\u00eddlena do zna\u010dn\u011b nevyhovuj\u00edc\u00edch prostor &#8211; s\u00e1lu hostince U Trant\u016f v&nbsp;ul.&nbsp;Svijansk\u00e9 (p\u016fvodn\u00ed objekt byl zbo\u0159en, dnes je tam nov\u00fd obytn\u00fd d\u016fm), knihovna disponuje 4&nbsp;652 svazky.<\/p>\n\n\n\n<p class=\"has-black-color has-text-color has-medium-font-size\"><strong>1948<\/strong><\/p>\n\n\n\n<p class=\"has-black-color has-text-color has-medium-font-size\">Od z\u00e1\u0159\u00ed 1948, op\u011bt p\u0159est\u011bhov\u00e1na, &nbsp;s\u00eddl\u00ed v&nbsp;prostor\u00e1ch star\u00e9 obecn\u00ed \u00fa\u0159adovny ve dvo\u0159e \u010d .p. 5 (nyn\u00ed na tomto m\u00edst\u011b nad rybn\u00edkem stoj\u00ed nov\u00e9 bytov\u00e9 domy &nbsp;a supermarket Billa).<\/p>\n\n\n\n<p class=\"has-black-color has-text-color has-medium-font-size\"><strong>1949<\/strong><\/p>\n\n\n\n<p class=\"has-black-color has-text-color has-medium-font-size\">V&nbsp;tomto roce m\u011bla knihovna 5&nbsp;438 svazk\u016f a zaps\u00e1no bylo 380 \u010dten\u00e1\u0159\u016f.<\/p>\n\n\n\n<p class=\"has-black-color has-text-color has-medium-font-size\">V&nbsp;n\u00e1sleduj\u00edc\u00edch letech do\u0161lo je\u0161t\u011b n\u011bkolikr\u00e1t k dal\u0161\u00edmu st\u011bhov\u00e1n\u00ed, del\u0161\u00ed \u010das, zhruba od 60 let a\u017e do roku 1990, &nbsp;byla knihovna um\u00edst\u011bna v dom\u011b u Sl\u00e1dk\u016f na Mladoboleslavsk\u00e9 ulici \u010dp.223.<\/p>\n\n\n\n<p class=\"has-black-color has-text-color has-medium-font-size\">Od roku 1990 do po\u010d\u00e1tku roku 2005 byla m\u00edstn\u00ed knihovna v&nbsp;ul. Bakovsk\u00e1, v&nbsp;budov\u011b vedle zdravotn\u00edho st\u0159ediska.<\/p>\n\n\n\n<p class=\"has-black-color has-text-color has-medium-font-size\">(V&nbsp;pr\u016fb\u011bhu v\u011bt\u0161iny v\u00fd\u0161e zmi\u0148ovan\u00fdch let se knihovna se nach\u00e1zela dost \u010dasto v&nbsp;nevyhovuj\u00edc\u00edch, a i ch\u00e1traj\u00edc\u00edch objektech).<\/p>\n\n\n\n<p class=\"has-black-color has-text-color has-medium-font-size\">Od 2. 2. 2005, d\u00edky finan\u010dn\u00edm prost\u0159edk\u016fm z&nbsp;fondu EU a za p\u0159isp\u011bn\u00ed M\u010c P-19, byla knihovna slavnostn\u011b otev\u0159ena v&nbsp;nov\u00fdch d\u016fstojn\u00fdch prostor\u00e1ch &#8211; v&nbsp;budov\u011b sou\u010dasn\u00e9 kbelsk\u00e9 radnice na Semilsk\u00e9 ulici, kde s\u00eddl\u00ed dodnes.<\/p>\n\n\n\n<p class=\"has-black-color has-text-color has-medium-font-size\"><strong>2008<\/strong><br>Prob\u011bhla kompletn\u00ed revize knihovn\u00edho fondu, v\u0161echny knihy v M\u00edstn\u00ed knihovn\u011b jsou ozna\u010deny \u010d\u00e1rov\u00fdm k\u00f3dem a byla provedena evidence \u010dten\u00e1\u0159\u016f i vyp\u016fj\u010den\u00fdch knih. Knihovna se stala pln\u011b automatizovanou. Knihovna n\u00e1sledn\u011b proch\u00e1z\u00ed pravidelnou technologickou a knihovnickou modernizac\u00ed, v &nbsp;sou\u010dasnosti pracuje s&nbsp;knihovnick\u00fdm syst\u00e9mem Tritius.<\/p>\n\n\n\n<p class=\"has-black-color has-text-color has-medium-font-size\">M\u00edstn\u00ed knihovna Kbely pln\u00ed nejenom klasickou v\u00fdp\u016fj\u010dn\u00ed funkci, ale stala se i v\u00fdznamn\u00fdm kulturn\u00edm st\u00e1nkem cel\u00e9 obce. Po\u0159\u00e1daj\u00ed se zde pravideln\u00e9 liter\u00e1rn\u00ed po\u0159ady pro d\u011bti z&nbsp;M\u0160 i Z\u0160, v\u00fdstavy, vernis\u00e1\u017ee, besedy s&nbsp;autory, tvo\u0159iv\u00e9 d\u00edlny aj. Knihovna se aktivn\u011b zapojuje do celost\u00e1tn\u011b po\u0159\u00e1dan\u00fdch akc\u00ed, jako jsou nap\u0159. Noc s&nbsp;Andersenem a Pasov\u00e1n\u00ed prv\u0148\u00e1\u010dk\u016f na \u010dten\u00e1\u0159e aj.<\/p>\n\n\n\n<p class=\"has-black-color has-text-color has-medium-font-size\">Aktu\u00e1ln\u011b (ke konci roku 2022) knihovna disponuje cca 11 tis. svazky a m\u00e1 472 registrovan\u00fdch \u010dten\u00e1\u0159\u016f.<\/p>\n\n\n\n<p class=\"has-black-color has-text-color has-medium-font-size\"><strong>&nbsp; HISTORIE A SOU\u010cASNOST<\/strong><\/p>\n\n\n\n<p class=\"has-black-color has-text-color has-medium-font-size\"><strong>Po\u010d\u00e1tky Obecn\u00ed knihovny ve Kbel\u00edch nebyly v\u016fbec jednoduch\u00e9, jak popisuj\u00ed v Pam\u011btn\u00ed knize Kbel kronik\u00e1\u0159i Karel Kupka a Josef Zv\u00e1novec.<\/strong><\/p>\n\n\n\n<p class=\"has-black-color has-text-color has-medium-font-size\">V obci byla knihovna T\u011blocvi\u010dn\u00e9 jednoty Sokol&nbsp; (m\u011bla asi 40 svazk\u016f) pou\u017e\u00edvan\u00e1 jen \u010dleny a knihovna Odborov\u00e9 organizace tesa\u0159\u016f u pana Janou\u0161ka ve vile ,t\u00e9\u017e jen pro \u010dleny. Ostatn\u011b v\u0161ak ka\u017ed\u00fd spolek m\u011bl knihovni\u010dku, kdy\u017e ne ve skute\u010dnosti, tedy aspo\u0148 na pap\u00ed\u0159e.<\/p>\n\n\n\n<p class=\"has-black-color has-text-color has-medium-font-size\">Po vyjit\u00ed z\u00e1kona z 22.7.1919 \u010d. 430 Sb. a na\u0159\u00edzen\u00ed z\u00e1kona z 5.11.1919 ustavila obec Knihovn\u00ed radu takto: p\u0159edseda Karel Ka\u0161e- \u0159\u00edd\u00edc\u00ed u\u010ditel, knihovn\u00edk Augustin Korejs-u\u010ditel, \u010dlenov\u00e9 K. M\u00e1lek\u00a0 a Ant. Mach\u00e1\u010dek. Tato knihovn\u00ed rada uspo\u0159\u00e1dala sb\u00edrku knih po obci. Sebralo se asi 10 knih, z nich\u017e pozd\u011bji za\u0159azeno 5 knih. Asi v \u00fanoru jsem zaslechl, \u017ee kolega Korejs t.\u010d. knihovn\u00edk pt\u00e1 se \u0159\u00edd\u00edc\u00edho Ka\u0161eho, jak m\u00e1 odpov\u011bd\u011bt na dotaz Okresn\u00edho osv\u011btov\u00e9ho sboru, je-li a jak z\u0159\u00edzena Obecn\u00ed knihovna a zaslechl jsem jeho odpov\u011b\u010f: &#8222;Odpov\u011bzte, \u017ee knihovna sp\u00ed sp\u00e1nkem spravedliv\u00fdch!\u201c &#8211; Upozornil jsem kolegu Kupku, \u017ee my a\u010d ne\u010dlenov\u00e9 Knihovn\u00ed rady knihovnu sp\u00e1ti nenech\u00e1me. Prvn\u00ed p\u0159\u00edle\u017eitost naskytla se v dubnu, kdy sbor u\u010ditelsk\u00fd po\u0159\u00e1dal koncert i kabaretn\u00ed ve\u010der P\u011bveck\u00e9ho sboru \u201eTypografia\u201c z Prahy, jej\u00edm\u017e \u010dlenem byl kolega Kupka. V\u00fdnos byl asi 1.500 K\u010d a na m\u016fj n\u00e1vrh ur\u010deno bylo 500 K\u010d zakoupiti knih pro Obecn\u00ed knihovnu. Obecn\u00ed rad\u011b ozn\u00e1meno, \u017ee knihy jsou k disposici u mne a \u017ee budou odevzd\u00e1ny sv\u00e9mu \u00fa\u010delu jakmile Obecn\u00ed knihovna zah\u00e1j\u00ed \u010dinnost. Ani potom nevyvinula Knihovn\u00ed rada \u017e\u00e1dn\u00e9 \u010dinnosti. D\u00e1le se p\u00ed\u0161e, \u017ee\u00a0 nov\u00fdm p\u0159edsedou Knihovn\u00ed rady byl zvolen K. M\u00e1lek, K. Ka\u0161e z\u016fstal \u010dlenem, Ant. Mach\u00e1\u010dek pokladn\u00edkem a j\u00e1 knihovn\u00edkem. Sou\u010dasn\u011b usneseno, \u017ee P\u011bveck\u00fd krou\u017eek bude m\u00edt v Knihovn\u00ed rad\u011b \u010dlena s hlasem poradn\u00edm. Ujav se \u010dinnosti zakoupil jsem knih za obnos v\u00fd\u0161e uveden\u00fd. Aby knihovna mohla rychleji vzr\u016fstat, knihy jsem s\u00e1m o pr\u00e1zdnin\u00e1ch sv\u00e1zal. Pl\u00e1tno ochotn\u011b opat\u0159il rotmistr R. \u010cern\u00edn, tehdy v Hlavn\u00edch leteck\u00fdch d\u00edln\u00e1ch zam\u011bstnan\u00fd (snad prvn\u00ed u\u017eit\u00ed z letadel k tomuto \u00fa\u010delu). Knihovn\u00ed rada obr\u00e1tila se na obecn\u00ed zastupitelstvo a p\u0159edlo\u017eila rozpo\u010det vy\u017eaduj\u00edc\u00ed dvojn\u00e1sobn\u00e9ho obnosu, k \u010demu\u017e byla obec dle z\u00e1kona povinna tj. 1.500 K\u010d. Sou\u010dasn\u00e9 po\u017e\u00e1d\u00e1ny v\u0161echny korporace o pen\u011b\u017en\u00ed dary. Darovali:<\/p>\n\n\n\n<figure class=\"wp-block-table\"><table><tbody><tr><td>St\u0159eleck\u00e1 jednota \u201eSup\u201c<\/td><td>100 K\u010d<\/td><\/tr><tr><td>D\u011blnick\u00e1 t\u011blov\u00fdchovn\u00e1 jednota<\/td><td>100 K\u010d<\/td><\/tr><tr><td>Kovopracovn\u00edci<\/td><td>50 K\u010d<\/td><\/tr><tr><td>Sbor dobrovoln\u00fdch hasi\u010d\u016f<\/td><td>50 K\u010d<\/td><\/tr><tr><td>Zem\u011bd\u011blci soc. dem.<\/td><td>50 K\u010d<\/td><\/tr><tr><td>Sokol svoj\u00ed knihovnu a<\/td><td>50 K\u010d<\/td><\/tr><tr><td>Havl\u00ed\u010dek<\/td><td>50 K\u010d<\/td><\/tr><tr><td>Pol. org. \u010dsl. Socialist\u016f<\/td><td>50 K\u010d<\/td><\/tr><tr><td>Okres. spr\u00e1vn\u00ed komise<\/td><td>400 K\u010d<\/td><\/tr><tr><td>kone\u010dn\u011b v prosinci vyplacena obecn\u00ed dotace<\/td><td>1.500 K\u010d<\/td><\/tr><\/tbody><\/table><\/figure>\n\n\n\n<p class=\"has-black-color has-text-color has-medium-font-size\">Honor\u00e1\u0159 knihovn\u00edk\u016fv ur\u010den obecn\u00edm zastupitelstvem 200 K\u010d nebo\u0165 se knihovn\u00edk zav\u00e1zal, \u017ee obnos ten, pokud bude knihovn\u00edkem, bude v\u017edy v\u011bnovati darem knihovn\u011b, byl tud\u00ed\u017e vyplacen mimo dotaci. V\u011bnovala tedy obec v r. 1920 1.700 K\u010d na knihovnu.<\/p>\n\n\n\n<p class=\"has-black-color has-text-color has-medium-font-size\">M\u00edstn\u00ed \u0161koln\u00ed rada prop\u016fj\u010dila sborovnu ve \u0161kole pro knihovnu a Havl\u00ed\u010dek zap\u016fj\u010dil sk\u0159\u00ed\u0148. Kdy\u017e ta ji\u017e nesta\u010dila, zap\u016fj\u010dila sk\u0159\u00ed\u0148 pol. organizace&nbsp; \u010dsl. socialist\u016f. Tak bylo umo\u017en\u011bno, \u017ee 26. \u0159\u00edjna 1920 byla otev\u0159ena knihovna slavnost\u00ed ve \u0161kole, kde promluvil kolega Kupka, P\u011bveck\u00fd krou\u017eek zap\u011bl \u201eV\u011bno\u201c a Hymny. Otev\u0159en\u00ed jsem nebyl p\u0159\u00edtomen, nebo\u0165 v m\u00e9 rodin\u011b byla sp\u00e1la, nesm\u011bl jsem se tud\u00ed\u017e s nik\u00fdm st\u00fdkati.<\/p>\n\n\n\n<p class=\"has-black-color has-text-color has-medium-font-size\">P\u0159i prvn\u00edm p\u016fj\u010dov\u00e1n\u00ed bylo z 68 knih vyp\u016fj\u010deno 55 a na darech vybr\u00e1no 80 K\u010d do konce roku d\u00edky dar\u016fm v\u00fd\u0161e zm\u00edn\u011bn\u00fdm, m\u011bla knihovna ji\u017e 204 knih. Nov\u011b zakoupen\u00e9 knihy byly op\u011bt bezplatn\u011b sv\u00e1z\u00e1ny mnou za pomoci pana K. M\u00e1lka, Fr. Lev\u00e9ho a R. \u010cern\u00edna po ve\u010derech. P\u016fj\u010dovalo se v\u017edy v p\u00e1tek. P\u016fj\u010doval knihovn\u00edk, v\u00fdp\u016fj\u010dky zapisoval p\u0159eds. M\u00e1lek, odevzdan\u00e9 knihy ihned za\u0159azoval Lev\u00fd. V roce 1921 nezm\u011bnila se Knihovn\u00ed rada, ani jin\u00e9 zm\u011bny nebylo. Obecn\u00ed dotace \u010dinila 750 K\u010d a odm\u011bna knihovn\u00edkovi 200 K\u010d, dostala tud\u00ed\u017e knihovna 950 K\u010d. Stalo se chv\u00e1lyhodn\u00fdm zvykem v obci, \u017ee korporace m\u00edsto v\u011bnc\u016f zem\u0159el\u00fdm \u010dlen\u016fm darovaly jist\u00fd obnos knihovn\u011b na zakoupen\u00ed knihy, v n\u00ed\u017e bylo zaps\u00e1no na \u010d\u00ed pam\u011b\u0165 byla zakoupena. Tak darovala obec 80 K\u010d k uct\u011bn\u00ed pam\u00e1tky \u010dl. Obecn\u00ed rady Mar. Gajd\u016f\u0161kov\u00e9, Sokol, Reifeisenka, Hasi\u010di k uct\u011bn\u00ed pam\u00e1tky Ant. Svobody, sl\u00e1dka, p\u0159\u00edbuzn\u00ed zase k uct\u011bn\u00ed pam\u00e1tky Ant. \u0160t\u011bp\u00e1nka. Rok 1922 p\u0159inesl knihovn\u011b op\u011bt mimo\u0159\u00e1dn\u00e9 dary. Obec darovala mimo\u0159\u00e1dn\u00fd p\u0159\u00edsp\u011bvek 500 K\u010d ze jm\u011bn\u00ed&nbsp; Hospod\u00e1\u0159sk\u00e9 rady, P\u011bveck\u00fd krou\u017eek 1.000 K\u010d, Hudebn\u00ed krou\u017eek 50 K\u010d. P\u011bveck\u00fd krou\u017eek sehr\u00e1l fotbalov\u00fd z\u00e1pas se \u201eStar\u00fdmi p\u00e1ny\u201c s \u201eS. K. Kbely\u201c, kter\u00fd vynesl 150 K\u010d. Hospod\u00e1\u0159sk\u00e1 rada p\u0159i likvidaci v\u011bnovala cel\u00fd zbytek jm\u011bn\u00ed 606 K\u010d 70 h. Dotace obce dle v\u00fdsledku nov\u00e9ho s\u010d\u00edt\u00e1n\u00ed lidu \u010dinila 850 K\u010d a 200 K\u010d honor\u00e1\u0159 knihovn\u00edkovi, kter\u00fd op\u011bt p\u0159ipadl knihovn\u011b.<\/p>\n\n\n\n<p class=\"has-black-color has-text-color has-medium-font-size\">Pon\u011bvad\u017e ob\u011b dosavadn\u00ed sk\u0159\u00edn\u011b nesta\u010dily pojmout v\u0161echny knihy, p\u0159i\u010dinil se p\u0159edseda M\u00e1lek, \u017ee obec po\u0159\u00eddila sv\u00fdm n\u00e1kladem dle n\u00e1vrhu knihovn\u00edka reg\u00e1l na knihy. Zhotovil jej Fr. Li\u0161ka, mistr kol\u00e1\u0159sk\u00fd, jen za \u00fahradu materi\u00e1lu za 391 K\u010d.<\/p>\n\n\n\n<p class=\"has-black-color has-text-color has-medium-font-size\">V knihovn\u00ed rad\u011b nastala zm\u011bna odchodem \u0159\u00edd\u00edc\u00edho u\u010ditele K. Ka\u0161eho z obce. Na jeho m\u00edst\u011b stal se \u010dlenem K. Kupka, P\u011bveck\u00fd krou\u017eek zastoupen byl Fr. Lev\u00fdm, jinak ve veden\u00ed knihovny zm\u011bny nenastalo. Ty nastaly v dubnu roku 1923. Obecn\u00ed zastupitelstvo vyslalo do knihovn\u00ed rady m\u00edsto resignovav\u0161iho K. M\u00e1lka jako\u017e i Ant. Mach\u00e1\u010dka: Jind\u0159icha Ku\u010deru a Emila T\u011b\u0161\u00ednsk\u00e9ho. P\u0159edsedou zvolen dosavadn\u00ed knihovn\u00edk J. Kunstovn\u00fd, knihovn\u00edkem se stal K. Kupka. Byla tedy knihovn\u00ed rada takto ustavena: J. Kunstovn\u00fd, Karel Kupka, Fr. Lev\u00fd, Emil T\u011b\u0161\u00ednsk\u00fd a Jind\u0159. Ku\u010dera. P\u0159i p\u016fj\u010dov\u00e1n\u00ed fungoval op\u011bt Kunstovn\u00fd, Kupka, Lev\u00fd a Ku\u010der. Dar\u016f tento rok bylo m\u00e9n\u011b. Za to v\u0161ak vydatn\u011b p\u0159isp\u011bla Okresn\u00ed spr\u00e1vn\u00ed komise okresu karl\u00ednsk\u00e9ho, poukaziv\u0161i i za roky minul\u00e9 dotaci 600 K\u010d a za rok rovn\u011b\u017e 600 K\u010d. V roce 1932 m\u00e1 knihovna 1 318 knih.<\/p>\n\n\n\n<p class=\"has-black-color has-text-color has-medium-font-size\">Dal\u0161\u00ed kronik\u00e1\u0159 pan Josef Zv\u00e1novec zapsal, \u017ee v roce 1937 byla obecn\u00ed knihovna ocen\u011bna na&nbsp;&nbsp;&nbsp;&nbsp;&nbsp;&nbsp;&nbsp;&nbsp;&nbsp;&nbsp;<\/p>\n\n\n\n<p class=\"has-black-color has-text-color has-medium-font-size\">60 000 K\u010d. V roce 1938 p\u0159est\u011bhovala se obecn\u00ed knihovna ze star\u00e9 obecn\u00e9 \u0161koly do obecn\u00edho domku \u010dp. 43, na jeho\u017e m\u00edst\u011b stoj\u00ed dnes nov\u00e1 budova \u00fa\u0159adoven m\u00edstn\u00edho n\u00e1rodn\u00edho v\u00fdboru.<\/p>\n\n\n\n<p class=\"has-black-color has-text-color has-medium-font-size\">Od 1. ledna 1945 byla upravena odm\u011bna obecn\u00edmu knihovn\u00edku J. Mullerovi na 900 K m\u011bs\u00ed\u010dn\u011b. V roce 1947 bylo do obecn\u00ed knihovny koupeno 120 knih, darov\u00e1no bylo 23 knih, ztraceno 6, vy\u0159ad\u011bno 6, vym\u011bn\u011bno za vy\u0159azen\u00e9 7. Koncem tohoto roku m\u00e1 knihovna 4.652 knih, n\u00e1v\u0161t\u011bvn\u00edk\u016f knihovny bylo 5.922. Od roku 1946 do roku 1948 tj. v dob\u011b p\u0159estavby \u00fa\u0159adoven MNV byla obecn\u00ed knihovna p\u0159est\u011bhov\u00e1na do s\u00e1lu hostince u Trant\u016f, kde knihy trp\u011bly vlhkem. Kdy\u017e v z\u00e1\u0159\u00ed 1948 byly uvoln\u011bny star\u00e9 prostory obecn\u00ed \u00fa\u0159adovny ve dvo\u0159e \u010d. 5, dostalo se knihovn\u011b d\u016fstojn\u011bj\u0161\u00edho m\u00edsta v t\u011bchto m\u00edstnostech. Nejv\u00edce \u010dten\u00e1\u0159\u016f je z&nbsp;\u0159ad d\u011blnictva. Knihovna je vydr\u017eov\u00e1na obecn\u00ed dotac\u00ed, je\u017e \u010din\u00ed asi 10 000 K\u010ds ro\u010dn\u011b a dary. Jednota K. H. Borovsk\u00fd, se s\u00eddlem v hostinci u Suldovsk\u00fdch, zru\u0161ila v roce 1948 svou spolkovou knihovnu a knihy v po\u010dtu 180 darovala obecn\u00ed knihovn\u011b. V roce 1949 m\u011bla knihovna 5.438 svazk\u016f, zaps\u00e1no bylo 380 \u010dten\u00e1\u0159\u016f. Knihovn\u00edkem byl pan Borovi\u010dka.<\/p>\n\n\n\n<p class=\"has-black-color has-text-color has-medium-font-size\">Dal\u0161\u00edm m\u00edstem, kam byla knihovna p\u0159est\u011bhov\u00e1na, byly prostory v dom\u011b U Sl\u00e1dk\u016f (dnes je tam prodej seda\u010dek) na Mladoboleslavsk\u00e9 ulici. Dlouholetou knihovnic\u00ed v 60. a 70. letech byla pan\u00ed Marie Krej\u010d\u00edkov\u00e1, kter\u00e1 v knihovn\u011b po\u0159\u00e1dala pro d\u011bti zaj\u00edmav\u00e9 besedy se spisovateli a estr\u00e1dy. N\u011bkolik let byl knihovn\u00edkem tak\u00e9 pan Votava, kter\u00fd byl i kronik\u00e1\u0159em Kbel a Milada V\u00e1chov\u00e1. Od 2. \u00fanora 2005 je knihovna um\u00edst\u011bna v budov\u011b Radnice M\u010c Praha 19 a sou\u010dasnou knihovnic\u00ed je pan\u00ed Iveta Novotn\u00e1. Knihovna pln\u00ed nejenom klasickou v\u00fdp\u016fj\u010dn\u00ed funkci, ale stala se i v\u00fdznamn\u00fdm kulturn\u00edm st\u00e1nkem cel\u00e9 obce.<\/p>\n\n\n\n<p class=\"has-black-color has-text-color has-medium-font-size\"><strong>(Upravila a zpracovala kronik\u00e1\u0159ka Kbel pan\u00ed Ivana Engelov\u00e1)<\/strong><\/p>\n","protected":false},"excerpt":{"rendered":"<p>Po\u010d\u00e1tky knihoven lze vysledovat u\u017e ve starov\u011bku. Za prvn\u00ed knihovny lze pova\u017eovat arch\u00edvy, \u00falo\u017ei\u0161t\u011b tehdej\u0161\u00edch p\u00edsemnost\u00ed. Nejstar\u0161\u00ed n\u00e1lezy jsou z oblast\u00ed chr\u00e1m\u016f ve star\u00e9m Sumeru, kde byly ulo\u017eeny hlin\u011bn\u00e9 desti\u010dky s kl\u00ednov\u00fdm p\u00edsmem. Mezi nejzn\u00e1m\u011bj\u0161\u00ed starov\u011bk\u00e9 knihovny pat\u0159\u00ed knihovna v Alexandrii, zalo\u017een\u00e1 na sklonku antiky ve 4. stolet\u00ed. Ve st\u0159edov\u011bku knihovnickou funkci nejd\u0159\u00edve p\u0159evzaly k\u0159es\u0165ansk\u00e9 [&hellip;]<\/p>\n","protected":false},"author":2,"featured_media":526,"parent":13,"menu_order":0,"comment_status":"closed","ping_status":"closed","template":"","meta":{"_monsterinsights_skip_tracking":false,"_monsterinsights_sitenote_active":false,"_monsterinsights_sitenote_note":"","_monsterinsights_sitenote_category":0,"footnotes":""},"class_list":["post-525","page","type-page","status-publish","has-post-thumbnail","hentry"],"_links":{"self":[{"href":"https:\/\/knihovna.praha19.cz\/index.php?rest_route=\/wp\/v2\/pages\/525","targetHints":{"allow":["GET"]}}],"collection":[{"href":"https:\/\/knihovna.praha19.cz\/index.php?rest_route=\/wp\/v2\/pages"}],"about":[{"href":"https:\/\/knihovna.praha19.cz\/index.php?rest_route=\/wp\/v2\/types\/page"}],"author":[{"embeddable":true,"href":"https:\/\/knihovna.praha19.cz\/index.php?rest_route=\/wp\/v2\/users\/2"}],"replies":[{"embeddable":true,"href":"https:\/\/knihovna.praha19.cz\/index.php?rest_route=%2Fwp%2Fv2%2Fcomments&post=525"}],"version-history":[{"count":8,"href":"https:\/\/knihovna.praha19.cz\/index.php?rest_route=\/wp\/v2\/pages\/525\/revisions"}],"predecessor-version":[{"id":643,"href":"https:\/\/knihovna.praha19.cz\/index.php?rest_route=\/wp\/v2\/pages\/525\/revisions\/643"}],"up":[{"embeddable":true,"href":"https:\/\/knihovna.praha19.cz\/index.php?rest_route=\/wp\/v2\/pages\/13"}],"wp:featuredmedia":[{"embeddable":true,"href":"https:\/\/knihovna.praha19.cz\/index.php?rest_route=\/wp\/v2\/media\/526"}],"wp:attachment":[{"href":"https:\/\/knihovna.praha19.cz\/index.php?rest_route=%2Fwp%2Fv2%2Fmedia&parent=525"}],"curies":[{"name":"wp","href":"https:\/\/api.w.org\/{rel}","templated":true}]}}